{"id":6988,"date":"2023-06-03T04:44:37","date_gmt":"2023-06-03T04:44:37","guid":{"rendered":"http:\/\/startcil.cz\/cs\/?page_id=6988"},"modified":"2025-06-02T12:18:59","modified_gmt":"2025-06-02T12:18:59","slug":"cilovka","status":"publish","type":"page","link":"https:\/\/startcil.cz\/cs\/cilovka\/","title":{"rendered":"Zahrada C\u00edlovka"},"content":{"rendered":"[vc_row type=&#8220;in_container&#8220; full_screen_row_position=&#8220;middle&#8220; scene_position=&#8220;center&#8220; text_color=&#8220;dark&#8220; text_align=&#8220;left&#8220; overlay_strength=&#8220;0.3&#8243; shape_divider_position=&#8220;bottom&#8220; bg_image_animation=&#8220;none&#8220;][vc_column column_padding=&#8220;no-extra-padding&#8220; column_padding_position=&#8220;all&#8220; background_color_opacity=&#8220;1&#8243; background_hover_color_opacity=&#8220;1&#8243; column_link_target=&#8220;_self&#8220; column_shadow=&#8220;none&#8220; column_border_radius=&#8220;none&#8220; width=&#8220;1\/1&#8243; tablet_width_inherit=&#8220;default&#8220; tablet_text_alignment=&#8220;default&#8220; phone_text_alignment=&#8220;default&#8220; column_border_width=&#8220;none&#8220; column_border_style=&#8220;solid&#8220; bg_image_animation=&#8220;none&#8220;][vc_row_inner column_margin=&#8220;default&#8220; text_align=&#8220;left&#8220;][vc_column_inner column_padding=&#8220;no-extra-padding&#8220; column_padding_position=&#8220;all&#8220; background_color_opacity=&#8220;1&#8243; background_hover_color_opacity=&#8220;1&#8243; column_shadow=&#8220;none&#8220; column_border_radius=&#8220;none&#8220; column_link_target=&#8220;_self&#8220; width=&#8220;1\/1&#8243; tablet_width_inherit=&#8220;default&#8220; column_border_width=&#8220;none&#8220; column_border_style=&#8220;solid&#8220; bg_image_animation=&#8220;none&#8220;]<div class=\"img-with-aniamtion-wrap center\" data-max-width=\"100%\" data-border-radius=\"none\"><div class=\"inner\"><img data-shadow=\"none\" data-shadow-direction=\"middle\" class=\"img-with-animation skip-lazy \" data-delay=\"0\" height=\"1811\" width=\"2560\"  data-animation=\"fade-in\" src=\"https:\/\/startcil.cz\/cs\/wp-content\/uploads\/2024\/11\/materialy-pro-sponzory_CILOVKA_-mala-velikost_page-0001-scaled.jpeg\" srcset=\"https:\/\/startcil.cz\/cs\/wp-content\/uploads\/2024\/11\/materialy-pro-sponzory_CILOVKA_-mala-velikost_page-0001-scaled.jpeg 2560w, https:\/\/startcil.cz\/cs\/wp-content\/uploads\/2024\/11\/materialy-pro-sponzory_CILOVKA_-mala-velikost_page-0001-300x212.jpeg 300w, https:\/\/startcil.cz\/cs\/wp-content\/uploads\/2024\/11\/materialy-pro-sponzory_CILOVKA_-mala-velikost_page-0001-1024x724.jpeg 1024w, https:\/\/startcil.cz\/cs\/wp-content\/uploads\/2024\/11\/materialy-pro-sponzory_CILOVKA_-mala-velikost_page-0001-768x543.jpeg 768w, https:\/\/startcil.cz\/cs\/wp-content\/uploads\/2024\/11\/materialy-pro-sponzory_CILOVKA_-mala-velikost_page-0001-1536x1086.jpeg 1536w, https:\/\/startcil.cz\/cs\/wp-content\/uploads\/2024\/11\/materialy-pro-sponzory_CILOVKA_-mala-velikost_page-0001-2048x1448.jpeg 2048w\" sizes=\"100vw\" alt=\"\" \/><\/div><\/div>[\/vc_column_inner][\/vc_row_inner][nectar_animated_title heading_tag=&#8220;h2&#8243; style=&#8220;color-strip-reveal&#8220; color=&#8220;Extra-Color-3&#8243; text=&#8220;Co je projekt C\u00cdLOVKA?&#8220;][vc_video link=&#8220;https:\/\/youtu.be\/FWEMRyufOwA&#8220; align=&#8220;center&#8220;][\/vc_column][\/vc_row][vc_row type=&#8220;in_container&#8220; full_screen_row_position=&#8220;middle&#8220; scene_position=&#8220;center&#8220; text_color=&#8220;dark&#8220; text_align=&#8220;left&#8220; overlay_strength=&#8220;0.3&#8243; shape_divider_position=&#8220;bottom&#8220; bg_image_animation=&#8220;none&#8220;][vc_column column_padding=&#8220;no-extra-padding&#8220; column_padding_position=&#8220;all&#8220; background_color_opacity=&#8220;1&#8243; background_hover_color_opacity=&#8220;1&#8243; column_link_target=&#8220;_self&#8220; column_shadow=&#8220;none&#8220; column_border_radius=&#8220;none&#8220; width=&#8220;1\/1&#8243; tablet_width_inherit=&#8220;default&#8220; tablet_text_alignment=&#8220;default&#8220; phone_text_alignment=&#8220;default&#8220; column_border_width=&#8220;none&#8220; column_border_style=&#8220;solid&#8220; bg_image_animation=&#8220;none&#8220;][vc_column_text]\n<h5><span style=\"font-weight: 400;\">U evangelick\u00e9ho kostela v T\u011brlicku se nach\u00e1z\u00ed velk\u00fd pozemek se zahradou p\u0159es 3000 m\u00b2, kterou vn\u00edm\u00e1me jako dar z nebe. Uv\u011bdomujeme si, \u017ee v okoln\u00ed lokalit\u011b chyb\u00ed m\u00edsto pro setk\u00e1v\u00e1n\u00ed a akce r\u016fzn\u00e9ho charakteru i velikosti. Proto bychom r\u00e1di tento prostor otev\u0159eli a nab\u00eddli k vyu\u017eit\u00ed lidem ze sousedn\u00ed komunity, m\u00edstn\u00edm ob\u010dan\u016fm z obce T\u011brlicka i n\u00e1v\u0161t\u011bvn\u00edk\u016fm z okol\u00ed.\u00a0<\/span><\/h5>\n<h5><span style=\"font-weight: 400;\">Zahrada by m\u011bla v budoucnu poskytnout sportovn\u011b-hern\u00ed \u010d\u00e1st,\u00a0<\/span><span style=\"font-weight: 400;\">prostor pro setk\u00e1v\u00e1n\u00ed nebo po\u0159\u00e1d\u00e1n\u00ed akc\u00ed,\u00a0<\/span><span style=\"font-weight: 400;\">m\u00edsto pro odpo\u010dinek, rozj\u00edm\u00e1n\u00ed a z\u00e1rove\u0148 z\u016fstat zelenou o\u00e1zou. Jestli se n\u00e1m poda\u0159\u00ed tyto v\u011bci spojit, a spole\u010dn\u011b vytvo\u0159it zahradu C\u00cdLOVKU, nen\u00ed jen na n\u00e1s. V\u011b\u0159\u00edme v s\u00edlu spolupr\u00e1ce, inspirace a vz\u00e1jemn\u00e9ho sd\u00edlen\u00ed zdroj\u016f a dovednost\u00ed. Chceme v\u00e1s proto p\u0159izvat k\u00a0zapojen\u00ed do procesu tvo\u0159en\u00ed, realizace i vyu\u017eit\u00ed t\u00e9to zahrady.\u00a0 P\u0159idejte se k n\u00e1m u\u017e od startu, a\u0165 spole\u010dn\u011b m\u016f\u017eeme doj\u00edt a\u017e k c\u00edli &#8211; zahrad\u011b, kter\u00e1 bude slou\u017eit n\u00e1m v\u0161em.<\/span><\/h5>\n[\/vc_column_text][\/vc_column][\/vc_row][vc_row type=&#8220;in_container&#8220; full_screen_row_position=&#8220;middle&#8220; scene_position=&#8220;center&#8220; text_color=&#8220;dark&#8220; text_align=&#8220;left&#8220; overlay_strength=&#8220;0.3&#8243; shape_divider_position=&#8220;bottom&#8220; bg_image_animation=&#8220;none&#8220;][vc_column column_padding=&#8220;no-extra-padding&#8220; column_padding_position=&#8220;all&#8220; background_color_opacity=&#8220;1&#8243; background_hover_color_opacity=&#8220;1&#8243; column_link_target=&#8220;_self&#8220; column_shadow=&#8220;none&#8220; column_border_radius=&#8220;none&#8220; width=&#8220;1\/1&#8243; tablet_width_inherit=&#8220;default&#8220; tablet_text_alignment=&#8220;default&#8220; phone_text_alignment=&#8220;default&#8220; column_border_width=&#8220;none&#8220; column_border_style=&#8220;solid&#8220; bg_image_animation=&#8220;none&#8220;][vc_column_text]\n<h3 style=\"text-align: center;\"><span style=\"font-weight: 500;\">&#8222;Hlavn\u00edm c\u00edlem je vytvo\u0159it unik\u00e1tn\u00ed m\u00edsto komunitn\u00ed zahrady, kde se lid\u00e9 v\u0161ech generac\u00ed propojuj\u00ed, seznamuj\u00ed, inspiruj\u00ed a pro\u017e\u00edvaj\u00ed z\u00e1jem.<br \/>\nJe to m\u00edsto z\u00e1bavy, odpo\u010dinku a rozj\u00edm\u00e1n\u00ed.\u201c<\/span><\/h3>\n[\/vc_column_text][\/vc_column][\/vc_row][vc_row type=&#8220;in_container&#8220; full_screen_row_position=&#8220;middle&#8220; scene_position=&#8220;center&#8220; text_color=&#8220;dark&#8220; text_align=&#8220;left&#8220; overlay_strength=&#8220;0.3&#8243; shape_divider_position=&#8220;bottom&#8220; bg_image_animation=&#8220;none&#8220;][vc_column column_padding=&#8220;no-extra-padding&#8220; column_padding_position=&#8220;all&#8220; background_color_opacity=&#8220;1&#8243; background_hover_color_opacity=&#8220;1&#8243; column_link_target=&#8220;_self&#8220; column_shadow=&#8220;none&#8220; column_border_radius=&#8220;none&#8220; width=&#8220;1\/1&#8243; tablet_width_inherit=&#8220;default&#8220; tablet_text_alignment=&#8220;default&#8220; phone_text_alignment=&#8220;default&#8220; column_border_width=&#8220;none&#8220; column_border_style=&#8220;solid&#8220; bg_image_animation=&#8220;none&#8220;]<div class=\"img-with-aniamtion-wrap center\" data-max-width=\"50%\" data-border-radius=\"none\"><div class=\"inner\"><img data-shadow=\"none\" data-shadow-direction=\"middle\" class=\"img-with-animation skip-lazy \" data-delay=\"0\" height=\"1848\" width=\"3280\"  data-animation=\"none\" src=\"https:\/\/startcil.cz\/cs\/wp-content\/uploads\/2023\/06\/White-colorful-we-love-gardening-Instagram-Post-Facebook-Cover-1.png\" srcset=\"https:\/\/startcil.cz\/cs\/wp-content\/uploads\/2023\/06\/White-colorful-we-love-gardening-Instagram-Post-Facebook-Cover-1.png 3280w, https:\/\/startcil.cz\/cs\/wp-content\/uploads\/2023\/06\/White-colorful-we-love-gardening-Instagram-Post-Facebook-Cover-1-300x169.png 300w, https:\/\/startcil.cz\/cs\/wp-content\/uploads\/2023\/06\/White-colorful-we-love-gardening-Instagram-Post-Facebook-Cover-1-1024x577.png 1024w, https:\/\/startcil.cz\/cs\/wp-content\/uploads\/2023\/06\/White-colorful-we-love-gardening-Instagram-Post-Facebook-Cover-1-768x433.png 768w, https:\/\/startcil.cz\/cs\/wp-content\/uploads\/2023\/06\/White-colorful-we-love-gardening-Instagram-Post-Facebook-Cover-1-1536x865.png 1536w, https:\/\/startcil.cz\/cs\/wp-content\/uploads\/2023\/06\/White-colorful-we-love-gardening-Instagram-Post-Facebook-Cover-1-2048x1154.png 2048w\" sizes=\"100vw\" alt=\"\" \/><\/div><\/div>[\/vc_column][\/vc_row][vc_row type=&#8220;in_container&#8220; full_screen_row_position=&#8220;middle&#8220; scene_position=&#8220;center&#8220; text_color=&#8220;dark&#8220; text_align=&#8220;left&#8220; overlay_strength=&#8220;0.3&#8243; shape_divider_position=&#8220;bottom&#8220; bg_image_animation=&#8220;none&#8220;][vc_column column_padding=&#8220;no-extra-padding&#8220; column_padding_position=&#8220;all&#8220; background_color_opacity=&#8220;1&#8243; background_hover_color_opacity=&#8220;1&#8243; column_link_target=&#8220;_self&#8220; column_shadow=&#8220;none&#8220; column_border_radius=&#8220;none&#8220; width=&#8220;1\/1&#8243; tablet_width_inherit=&#8220;default&#8220; tablet_text_alignment=&#8220;default&#8220; phone_text_alignment=&#8220;default&#8220; column_border_width=&#8220;none&#8220; column_border_style=&#8220;solid&#8220; bg_image_animation=&#8220;none&#8220;][\/vc_column][\/vc_row][vc_row type=&#8220;in_container&#8220; full_screen_row_position=&#8220;middle&#8220; scene_position=&#8220;center&#8220; text_color=&#8220;dark&#8220; text_align=&#8220;left&#8220; overlay_strength=&#8220;0.3&#8243; shape_divider_position=&#8220;bottom&#8220; bg_image_animation=&#8220;none&#8220;][vc_column column_padding=&#8220;no-extra-padding&#8220; column_padding_position=&#8220;all&#8220; background_color_opacity=&#8220;1&#8243; background_hover_color_opacity=&#8220;1&#8243; column_link_target=&#8220;_self&#8220; column_shadow=&#8220;none&#8220; column_border_radius=&#8220;none&#8220; width=&#8220;1\/1&#8243; tablet_width_inherit=&#8220;default&#8220; tablet_text_alignment=&#8220;default&#8220; phone_text_alignment=&#8220;default&#8220; column_border_width=&#8220;none&#8220; column_border_style=&#8220;solid&#8220; bg_image_animation=&#8220;none&#8220;][nectar_animated_title heading_tag=&#8220;h2&#8243; style=&#8220;color-strip-reveal&#8220; color=&#8220;Extra-Color-3&#8243; text=&#8220;Pro\u010d n\u00e1zev C\u00cdLOVKA?&#8220;][\/vc_column][\/vc_row][vc_row type=&#8220;in_container&#8220; full_screen_row_position=&#8220;middle&#8220; scene_position=&#8220;center&#8220; text_color=&#8220;dark&#8220; text_align=&#8220;left&#8220; overlay_strength=&#8220;0.3&#8243; shape_divider_position=&#8220;bottom&#8220; bg_image_animation=&#8220;none&#8220;][vc_column column_padding=&#8220;no-extra-padding&#8220; column_padding_position=&#8220;all&#8220; background_color_opacity=&#8220;1&#8243; background_hover_color_opacity=&#8220;1&#8243; column_link_target=&#8220;_self&#8220; column_shadow=&#8220;none&#8220; column_border_radius=&#8220;none&#8220; width=&#8220;1\/1&#8243; tablet_width_inherit=&#8220;default&#8220; tablet_text_alignment=&#8220;default&#8220; phone_text_alignment=&#8220;default&#8220; column_border_width=&#8220;none&#8220; column_border_style=&#8220;solid&#8220; bg_image_animation=&#8220;none&#8220;][vc_column_text]\n<h5><span style=\"font-weight: 400;\">Historii obl\u00edben\u00fdch motocyklov\u00fdch z\u00e1vod\u016f a c<\/span><span style=\"font-weight: 400;\">\u00edlovou rovinku zn\u00e1<\/span><span style=\"font-weight: 400;\">\u00a0v T\u011brlicku snad ka\u017ed\u00fd. Evangelick\u00fd kostel v T\u011brlicku le\u017e\u00ed nadohled t\u00e9to startovn\u00ed a c\u00edlov\u00e9 \u010d\u00e1\u0159e. S touto zna\u010dkou jsme propojili na\u0161e fungov\u00e1n\u00ed, proto\u017ee v\u011b\u0159\u00edme, \u017ee kl\u00ed\u010dem pro \u017eivot je poznat jeho c\u00edl.\u00a0<\/span><\/h5>\n[\/vc_column_text][\/vc_column][\/vc_row][vc_row type=&#8220;in_container&#8220; full_screen_row_position=&#8220;middle&#8220; scene_position=&#8220;center&#8220; text_color=&#8220;dark&#8220; text_align=&#8220;left&#8220; overlay_strength=&#8220;0.3&#8243; shape_divider_position=&#8220;bottom&#8220; bg_image_animation=&#8220;none&#8220;][vc_column column_padding=&#8220;no-extra-padding&#8220; column_padding_position=&#8220;all&#8220; background_color_opacity=&#8220;1&#8243; background_hover_color_opacity=&#8220;1&#8243; column_link_target=&#8220;_self&#8220; column_shadow=&#8220;none&#8220; column_border_radius=&#8220;none&#8220; width=&#8220;1\/1&#8243; tablet_width_inherit=&#8220;default&#8220; tablet_text_alignment=&#8220;default&#8220; phone_text_alignment=&#8220;default&#8220; column_border_width=&#8220;none&#8220; column_border_style=&#8220;solid&#8220; bg_image_animation=&#8220;none&#8220;][nectar_animated_title heading_tag=&#8220;h2&#8243; style=&#8220;color-strip-reveal&#8220; color=&#8220;Extra-Color-3&#8243; text=&#8220;Kdo za t\u00edm stoj\u00ed?&#8220;][\/vc_column][\/vc_row][vc_row type=&#8220;in_container&#8220; full_screen_row_position=&#8220;middle&#8220; scene_position=&#8220;center&#8220; text_color=&#8220;dark&#8220; text_align=&#8220;left&#8220; overlay_strength=&#8220;0.3&#8243; shape_divider_position=&#8220;bottom&#8220; bg_image_animation=&#8220;none&#8220;][vc_column column_padding=&#8220;no-extra-padding&#8220; column_padding_position=&#8220;all&#8220; background_color_opacity=&#8220;1&#8243; background_hover_color_opacity=&#8220;1&#8243; column_link_target=&#8220;_self&#8220; column_shadow=&#8220;none&#8220; column_border_radius=&#8220;none&#8220; width=&#8220;1\/1&#8243; tablet_width_inherit=&#8220;default&#8220; tablet_text_alignment=&#8220;default&#8220; phone_text_alignment=&#8220;default&#8220; column_border_width=&#8220;none&#8220; column_border_style=&#8220;solid&#8220; bg_image_animation=&#8220;none&#8220;][vc_column_text]\n<h5><span style=\"font-weight: 400;\">Inici\u00e1torem projektu je <span style=\"color: #808000;\"><a style=\"color: #808000;\" href=\"http:\/\/www.startcil.cz\">Slezsk\u00e1 c\u00edrkev evangelick\u00e1 v T\u011brlicku &#8211; Start c\u00edl.<\/a> <\/span>Jsme otev\u0159en\u00fdm spole\u010denstv\u00edm lid\u00ed v\u0161ech generac\u00ed, kte\u0159\u00ed cht\u011bj\u00ed pozn\u00e1vat Boha a b\u00fdt prosp\u011b\u0161n\u00ed lidem okolo n\u00e1s. Projekt zahrady C\u00cdLOVKY pro n\u00e1s znamen\u00e1 p\u0159\u00edle\u017eitost b\u00fdt bl\u00ed\u017e lidem a komunit\u011b, kde p\u016fsob\u00edme.\u00a0<\/span><\/h5>\n<h5><span style=\"font-weight: 400;\">Ve sv\u00fdch aktivit\u00e1ch se soust\u0159ed\u00edme na pr\u00e1ci s d\u011btmi a ml\u00e1de\u017e\u00ed. Dvakr\u00e1t m\u011bs\u00ed\u010dn\u011b po\u0159\u00e1d\u00e1me pro maminky s nejmen\u0161\u00edmi d\u011btmi baby club, kter\u00fd slou\u017e\u00ed k setk\u00e1v\u00e1n\u00ed, vz\u00e1jemn\u00e9mu sd\u00edlen\u00ed a podpo\u0159e v mate\u0159stv\u00ed. V M\u0160 a Z\u0160 T\u011brlicko organizujeme krou\u017eky pro d\u011bti a preventivn\u00ed programy. V na\u0161ich prostor\u00e1ch funguje tak\u00e9 klub pro ml\u00e1de\u017e ve dvou v\u011bkov\u00fdch skupin\u00e1ch \u2013 pro teenagery a pro mlad\u00e9 ve v\u011bku nad 18 let. Velkou pozornost v\u011bnujeme mlad\u00fdm rodin\u00e1m, kter\u00e9 \u010dasto \u010del\u00ed r\u016fzn\u00fdm v\u00fdzv\u00e1m. B\u011bhem roku pro n\u011b p\u0159ipravujeme pestr\u00e9 akce, jako jsou tradi\u010dn\u00ed p\u00e1trac\u00ed hry, v\u00e1no\u010dn\u00ed slavnosti nebo semin\u00e1\u0159e zam\u011b\u0159en\u00e9 na v\u00fdchovu. Nezapom\u00edn\u00e1me ani na st\u0159edn\u00ed generaci a seniory, pro kter\u00e9 pravideln\u011b po\u0159\u00e1d\u00e1me setk\u00e1n\u00ed.<\/span><\/h5>\n<h5><span style=\"font-weight: 400;\">V\u011b\u0159\u00edme, \u017ee d\u00edky partnerstv\u00ed a spolupr\u00e1ci m\u016f\u017ee fungovat vz\u00e1jemn\u00e1 m\u00edstn\u00ed integrita a podpora. V \u00fazk\u00e9m kontaktu jsme s veden\u00edm obce a dal\u0161\u00edmi organizacemi a tvo\u0159\u00edme spole\u010dn\u011b r\u016fzn\u00e9 m\u00edstn\u00ed akce a projekty. Zahrada C\u00cdLOVKA je dal\u0161\u00edm v po\u0159ad\u00ed.<\/span><\/h5>\n[\/vc_column_text][\/vc_column][\/vc_row][vc_row type=&#8220;in_container&#8220; full_screen_row_position=&#8220;middle&#8220; scene_position=&#8220;center&#8220; text_color=&#8220;dark&#8220; text_align=&#8220;left&#8220; overlay_strength=&#8220;0.3&#8243; shape_divider_position=&#8220;bottom&#8220; bg_image_animation=&#8220;none&#8220;][vc_column column_padding=&#8220;no-extra-padding&#8220; column_padding_position=&#8220;all&#8220; background_color_opacity=&#8220;1&#8243; background_hover_color_opacity=&#8220;1&#8243; column_link_target=&#8220;_self&#8220; column_shadow=&#8220;none&#8220; column_border_radius=&#8220;none&#8220; width=&#8220;1\/1&#8243; tablet_width_inherit=&#8220;default&#8220; tablet_text_alignment=&#8220;default&#8220; phone_text_alignment=&#8220;default&#8220; column_border_width=&#8220;none&#8220; column_border_style=&#8220;solid&#8220; bg_image_animation=&#8220;none&#8220;][nectar_animated_title heading_tag=&#8220;h2&#8243; style=&#8220;color-strip-reveal&#8220; color=&#8220;Extra-Color-3&#8243; text=&#8220;Jak by m\u011bla zahrada vypadat?&#8220;][\/vc_column][\/vc_row][vc_row type=&#8220;in_container&#8220; full_screen_row_position=&#8220;middle&#8220; scene_position=&#8220;center&#8220; text_color=&#8220;dark&#8220; text_align=&#8220;left&#8220; overlay_strength=&#8220;0.3&#8243; shape_divider_position=&#8220;bottom&#8220; bg_image_animation=&#8220;none&#8220;][vc_column column_padding=&#8220;no-extra-padding&#8220; column_padding_position=&#8220;all&#8220; background_color_opacity=&#8220;1&#8243; background_hover_color_opacity=&#8220;1&#8243; column_link_target=&#8220;_self&#8220; column_shadow=&#8220;none&#8220; column_border_radius=&#8220;none&#8220; width=&#8220;1\/1&#8243; tablet_width_inherit=&#8220;default&#8220; tablet_text_alignment=&#8220;default&#8220; phone_text_alignment=&#8220;default&#8220; column_border_width=&#8220;none&#8220; column_border_style=&#8220;solid&#8220; bg_image_animation=&#8220;none&#8220;][vc_gallery type=&#8220;image_grid&#8220; images=&#8220;7699,7254,7706,7828,7707,7708,7709&#8243; layout=&#8220;4&#8243; item_spacing=&#8220;default&#8220; gallery_style=&#8220;7&#8243; load_in_animation=&#8220;none&#8220;][nectar_animated_title heading_tag=&#8220;h2&#8243; style=&#8220;color-strip-reveal&#8220; color=&#8220;Extra-Color-3&#8243; text=&#8220;Jak \u0161el \u010das&#8230;&#8220;][vc_column_text]\n<h4><b>Dotazn\u00edkov\u00e9 \u0161et\u0159en\u00ed \u21b4<\/b><\/h4>\n<h5><span style=\"font-weight: 400;\">Dotazn\u00edkov\u00e9 \u0161et\u0159en\u00ed prob\u00edhalo na za\u010d\u00e1tku procesu, kdy jsme pot\u0159ebovali z\u00edskat odpov\u011bdi na ot\u00e1zky z\u00e1kladn\u00edch priorit a pot\u0159eb zahrady. Z\u00edskali jsme mnoho relevantn\u00edch informac\u00ed i n\u00e1zor\u016f. V\u00fdsledky dotazn\u00edku slou\u017e\u00ed jako jeden z podklad\u016f pro vypracov\u00e1n\u00ed n\u00e1vrhu zahrady architektem.\u00a0<\/span><\/h5>\n<h4><b>Ve\u0159ejn\u00e9 pl\u00e1novac\u00ed setk\u00e1n\u00ed \u21b4<\/b><\/h4>\n<h5><span style=\"font-weight: 400;\">Pl\u00e1novac\u00ed setk\u00e1n\u00ed, kter\u00e9 se uskute\u010dnilo 22.6.2023, bylo druhou mo\u017enost\u00ed vyj\u00e1d\u0159en\u00ed a prostorem pro diskuzi o budoucnost\u00ed zahrady.<\/span><\/h5>\n<h5><span style=\"font-weight: 400;\">C\u00edlem pl\u00e1novac\u00edho setk\u00e1n\u00ed bylo up\u0159esnit zad\u00e1n\u00ed k vypracov\u00e1n\u00ed n\u00e1vrhu zahrady. Se\u0161lo se zhruba 30 lid\u00ed, kte\u0159\u00ed spole\u010dn\u011b diskutovali o hodnot\u00e1ch, probl\u00e9mech i limitech \u00fazem\u00ed. Ka\u017ed\u00fd m\u011bl \u0161anci vyj\u00e1d\u0159it n\u00e1zor a p\u0159isp\u011bt sv\u00fdmi n\u00e1vrhy, co by na zahrad\u011b nem\u011blo chyb\u011bt.\u00a0<\/span><\/h5>\n<h5><span style=\"font-weight: 400;\">Na setk\u00e1n\u00ed byly p\u0159\u00edtomn\u00e9 i zahradn\u00ed architektky. Ve\u0161ker\u00e9 v\u00fdstupy a podklady jim byly p\u0159ed\u00e1ny, a tak bylo mo\u017en\u00e9 vstoupit do kreativn\u00ed f\u00e1ze zpracov\u00e1n\u00ed n\u00e1vrhu celkov\u00e9 podoby zahrady.\u00a0<\/span><\/h5>\n<h4><b>Zpracov\u00e1n\u00ed n\u00e1vrhu zahrady \u21b4<\/b><\/h4>\n<h5><span style=\"font-weight: 400;\">Zahradn\u00ed architektky zpracov\u00e1valy <a href=\"http:\/\/startcil.cz\/cs\/wp-content\/uploads\/2024\/03\/5_Terlicko_Evangelicky_kostel_situace-koordinacni.pdf\">studii<\/a><\/span><span style=\"font-weight: 400;\">\u00a0zahrady na z\u00e1klad\u011b v\u0161ech dodan\u00fdch podklad\u016f.\u00a0<\/span><\/h5>\n<h4><b>Ve\u0159ejn\u00e9 projedn\u00e1n\u00ed n\u00e1vrhu <\/b><b>\u21b4<\/b><\/h4>\n<h5><span style=\"font-weight: 400;\">Ve \u010dtvrtek 21.9.2023 od 18:00 se uskute\u010dnilo ve\u0159ejn\u00e9 projedn\u00e1n\u00ed studie, kde byla mo\u017enost p\u0159ipom\u00ednkovat fin\u00e1ln\u00ed podobu m\u00edsta. Sou\u010d\u00e1st\u00ed programu byla prezentace n\u00e1vrh\u016f a vizualizac\u00ed architektkami a n\u00e1sledn\u00e1 diskuze. P\u0159ipom\u00ednky jsou zapracov\u00e1ny do fin\u00e1ln\u00ed podoby n\u00e1vrhu.<\/span><\/h5>\n<h4><b>Realiza\u010dn\u00ed f\u00e1ze<\/b><\/h4>\n<h5><span style=\"font-weight: 400;\">Za\u010dali jsme prvn\u00ed podzimn\u00ed brig\u00e1dou v sobotu 7.10.2023, kdy jsme \u010distili a p\u0159ipravovali pozemek na dal\u0161\u00ed f\u00e1ze realizace. Dal\u0161\u00ed brig\u00e1da se uskute\u010dnila 11.11.2023, b\u011bhem kter\u00e9 se n\u00e1m povedlo zasadit 17 ks vzrostl\u00fdch strom\u016f, kter\u00e9 byly podpo\u0159eny z grantu &#8222;S\u00e1z\u00edme budoucnost&#8220; od Nadace Partner<\/span><span style=\"font-weight: 400;\">stv\u00ed.<\/span><\/h5>\n<h4><b>Fundraising &#8211; z\u00edsk\u00e1v\u00e1n\u00ed finan\u010dn\u00edch prost\u0159edk\u016f<\/b><\/h4>\n<h5><span style=\"font-weight: 400;\">Od prob\u011bhla kampa\u0148 &#8222;D\u00c1REK PRO C\u00cdLOVKU&#8220; aneb &#8222;ka\u017ed\u00fd metr se po\u010d\u00edt\u00e1&#8220;, ve kter\u00e9 se n\u00e1m poda\u0159ilo vybrat 240 000 K\u010d.<\/span><\/h5>\n<h5><span style=\"font-weight: 400;\">Prvn\u00ed m\u011bs\u00edce roku 2024 jsme v\u011bnovali p\u0159edev\u0161\u00edm psan\u00ed n\u011bkolika grant\u016f, tvorb\u011b grafiky a materi\u00e1lu pro sponzory.<\/span><\/h5>\n<h4><b>Kv\u011bten 2024 &#8211; Spole\u010dn\u00e1 brig\u00e1da a oslava 1. narozenin<\/b><\/h4>\n[\/vc_column_text][vc_gallery type=&#8220;image_grid&#8220; images=&#8220;7500,7501,7502,7504,7506,7507,7508,7829,7511,7513,7514,7515,7516,7517,7518,7519&#8243; layout=&#8220;4&#8243; item_spacing=&#8220;default&#8220; gallery_style=&#8220;7&#8243; load_in_animation=&#8220;none&#8220;][vc_column_text][\/vc_column_text][vc_video link=&#8220;https:\/\/youtu.be\/P228_o6cQWI&#8220;][vc_column_text]<strong>\u010cerven &#8211; Prosinec 2024<\/strong><\/p>\n<p>P\u0159\u00edprava a realizace multifunk\u010dn\u00edho h\u0159i\u0161t\u011b ve spodn\u00ed \u010d\u00e1sti zahrady, bagrovac\u00ed pr\u00e1ce a p\u0159\u00edprava ter\u00e9nu pro budouc\u00ed ohni\u0161t\u011b. V\u00fdstavba prvn\u00edch dvou hern\u00edch d\u011btsk\u00fdch prvk\u016f pro men\u0161\u00ed d\u011bti &#8211; dome\u010dku s p\u00edskohr\u00e1tky a houpa\u010dky.[\/vc_column_text][vc_gallery type=&#8220;image_grid&#8220; images=&#8220;7724,7725,7720,7719,7721,7722,7723&#8243; layout=&#8220;4&#8243; item_spacing=&#8220;default&#8220; gallery_style=&#8220;7&#8243; load_in_animation=&#8220;none&#8220;][\/vc_column][\/vc_row][vc_row type=&#8220;in_container&#8220; full_screen_row_position=&#8220;middle&#8220; scene_position=&#8220;center&#8220; text_color=&#8220;dark&#8220; text_align=&#8220;left&#8220; overlay_strength=&#8220;0.3&#8243; shape_divider_position=&#8220;bottom&#8220; bg_image_animation=&#8220;none&#8220;][vc_column column_padding=&#8220;no-extra-padding&#8220; column_padding_position=&#8220;all&#8220; background_color_opacity=&#8220;1&#8243; background_hover_color_opacity=&#8220;1&#8243; column_link_target=&#8220;_self&#8220; column_shadow=&#8220;none&#8220; column_border_radius=&#8220;none&#8220; width=&#8220;1\/1&#8243; tablet_width_inherit=&#8220;default&#8220; tablet_text_alignment=&#8220;default&#8220; phone_text_alignment=&#8220;default&#8220; column_border_width=&#8220;none&#8220; column_border_style=&#8220;solid&#8220; bg_image_animation=&#8220;none&#8220;][vc_zigzag color=&#8220;custom&#8220; align=&#8220;left&#8220; custom_color=&#8220;#4b5429&#8243;][nectar_animated_title heading_tag=&#8220;h2&#8243; style=&#8220;color-strip-reveal&#8220; color=&#8220;Extra-Color-3&#8243; text=&#8220;Fotogalerie&#8220;][vc_gallery type=&#8220;image_grid&#8220; images=&#8220;7090,7089,7084,7083,7087,7085,7093,7092,7097,7095,7094,7096,7091,7112,7171,7172,7170,7173,7255,7256,7257,7258,7259,7260&#8243; display_title_caption=&#8220;true&#8220; layout=&#8220;4&#8243; item_spacing=&#8220;default&#8220; gallery_style=&#8220;7&#8243; load_in_animation=&#8220;none&#8220;][\/vc_column][\/vc_row][vc_row type=&#8220;in_container&#8220; full_screen_row_position=&#8220;middle&#8220; scene_position=&#8220;center&#8220; text_color=&#8220;dark&#8220; text_align=&#8220;left&#8220; overlay_strength=&#8220;0.3&#8243; shape_divider_position=&#8220;bottom&#8220; bg_image_animation=&#8220;none&#8220;][vc_column column_padding=&#8220;no-extra-padding&#8220; column_padding_position=&#8220;all&#8220; background_color_opacity=&#8220;1&#8243; background_hover_color_opacity=&#8220;1&#8243; column_link_target=&#8220;_self&#8220; column_shadow=&#8220;none&#8220; column_border_radius=&#8220;none&#8220; width=&#8220;1\/1&#8243; tablet_width_inherit=&#8220;default&#8220; tablet_text_alignment=&#8220;default&#8220; phone_text_alignment=&#8220;default&#8220; column_border_width=&#8220;none&#8220; column_border_style=&#8220;solid&#8220; bg_image_animation=&#8220;none&#8220;][nectar_animated_title heading_tag=&#8220;h2&#8243; style=&#8220;color-strip-reveal&#8220; color=&#8220;Extra-Color-3&#8243; text=&#8220;Mo\u017enosti podpory a zapojen\u00ed&#8220;][vc_column_text]\n<h5><span style=\"font-weight: 400;\">Pokud v\u00e1s n\u00e1pad projektu zahrady C\u00cdLOVKA zaujal a cht\u011bli byste se zapojit, pak n\u00e1m m\u016f\u017eete napsat na <\/span><span style=\"color: #808000;\"><a style=\"color: #808000;\" href=\"mailto:zahrada@startcil.cz\"><span style=\"font-weight: 400;\">zahrada@startcil.cz<\/span><\/a><\/span><span style=\"font-weight: 400;\"> nebo se ozv\u011bte koordin\u00e1torovi projektu: Michal Malina \/\/ +420 777 193 845<\/span><\/h5>\n<h5><span style=\"font-weight: 400;\">V sou\u010dasn\u00e9 dob\u011b hled\u00e1me:<\/span><\/h5>\n<ul>\n<li style=\"font-weight: 400;\" aria-level=\"1\">\n<h5><span style=\"font-weight: 400;\">pomoc p\u0159i realizaci (brig\u00e1dy)<\/span><\/h5>\n<\/li>\n<li style=\"font-weight: 400;\" aria-level=\"1\">\n<h5><span style=\"font-weight: 400;\">pomoc technick\u00e1 (r\u016fzn\u00e9 odborn\u00e9 slu\u017eby)<\/span><\/h5>\n<\/li>\n<li style=\"font-weight: 400;\" aria-level=\"1\">\n<h5><span style=\"font-weight: 400;\">pomoc p\u0159i hled\u00e1n\u00ed zdroj\u016f a financ\u00ed (fundraising)<\/span><\/h5>\n<\/li>\n<li style=\"font-weight: 400;\" aria-level=\"1\">\n<h5><span style=\"font-weight: 400;\">pomoc s kontakty (zn\u00e1m\/jsem architekt, tesa\u0159, realiza\u010dn\u00ed firma, technick\u00e9 slu\u017eby)<\/span><\/h5>\n<\/li>\n<li style=\"font-weight: 400;\" aria-level=\"1\">\n<h5><span style=\"font-weight: 400;\">pomoc s komunikac\u00ed (PR, focen\u00ed, grafika, web)<\/span><\/h5>\n<\/li>\n<\/ul>\n[\/vc_column_text]<div class=\"img-with-aniamtion-wrap center\" data-max-width=\"100%\" data-border-radius=\"none\"><div class=\"inner\"><img data-shadow=\"none\" data-shadow-direction=\"middle\" class=\"img-with-animation skip-lazy \" data-delay=\"0\" height=\"793\" width=\"1930\"  data-animation=\"fade-in\" src=\"https:\/\/startcil.cz\/cs\/wp-content\/uploads\/2025\/06\/Slide_web.jpg\" srcset=\"https:\/\/startcil.cz\/cs\/wp-content\/uploads\/2025\/06\/Slide_web.jpg 1930w, https:\/\/startcil.cz\/cs\/wp-content\/uploads\/2025\/06\/Slide_web-300x123.jpg 300w, https:\/\/startcil.cz\/cs\/wp-content\/uploads\/2025\/06\/Slide_web-1024x421.jpg 1024w, https:\/\/startcil.cz\/cs\/wp-content\/uploads\/2025\/06\/Slide_web-768x316.jpg 768w, https:\/\/startcil.cz\/cs\/wp-content\/uploads\/2025\/06\/Slide_web-1536x631.jpg 1536w\" sizes=\"100vw\" alt=\"\" \/><\/div><\/div>[\/vc_column][\/vc_row][vc_row type=&#8220;in_container&#8220; full_screen_row_position=&#8220;middle&#8220; scene_position=&#8220;center&#8220; text_color=&#8220;dark&#8220; text_align=&#8220;left&#8220; overlay_strength=&#8220;0.3&#8243; shape_divider_position=&#8220;bottom&#8220; bg_image_animation=&#8220;none&#8220;][vc_column column_padding=&#8220;no-extra-padding&#8220; column_padding_position=&#8220;all&#8220; background_color_opacity=&#8220;1&#8243; background_hover_color_opacity=&#8220;1&#8243; column_link_target=&#8220;_self&#8220; column_shadow=&#8220;none&#8220; column_border_radius=&#8220;none&#8220; width=&#8220;1\/1&#8243; tablet_width_inherit=&#8220;default&#8220; tablet_text_alignment=&#8220;default&#8220; phone_text_alignment=&#8220;default&#8220; column_border_width=&#8220;none&#8220; column_border_style=&#8220;solid&#8220; bg_image_animation=&#8220;none&#8220;][vc_video link=&#8220;https:\/\/youtu.be\/lQuca_kZbEU&#8220;][\/vc_column][\/vc_row][vc_row type=&#8220;in_container&#8220; full_screen_row_position=&#8220;middle&#8220; scene_position=&#8220;center&#8220; text_color=&#8220;dark&#8220; text_align=&#8220;left&#8220; overlay_strength=&#8220;0.3&#8243; shape_divider_position=&#8220;bottom&#8220; bg_image_animation=&#8220;none&#8220;][vc_column column_padding=&#8220;no-extra-padding&#8220; column_padding_position=&#8220;all&#8220; background_color_opacity=&#8220;1&#8243; background_hover_color_opacity=&#8220;1&#8243; column_link_target=&#8220;_self&#8220; column_shadow=&#8220;none&#8220; column_border_radius=&#8220;none&#8220; width=&#8220;1\/1&#8243; tablet_width_inherit=&#8220;default&#8220; tablet_text_alignment=&#8220;default&#8220; phone_text_alignment=&#8220;default&#8220; column_border_width=&#8220;none&#8220; column_border_style=&#8220;solid&#8220; bg_image_animation=&#8220;none&#8220;][nectar_animated_title heading_tag=&#8220;h2&#8243; style=&#8220;color-strip-reveal&#8220; color=&#8220;Extra-Color-3&#8243; text=&#8220;Podpo\u0159ili n\u00e1s:&#8220;][vc_column_text]<img loading=\"lazy\" class=\"alignnone size-medium wp-image-7241\" src=\"http:\/\/startcil.cz\/cs\/wp-content\/uploads\/2023\/11\/MZP_CZ-300x45.png\" alt=\"\" width=\"300\" height=\"45\" srcset=\"https:\/\/startcil.cz\/cs\/wp-content\/uploads\/2023\/11\/MZP_CZ-300x45.png 300w, https:\/\/startcil.cz\/cs\/wp-content\/uploads\/2023\/11\/MZP_CZ-1024x153.png 1024w, https:\/\/startcil.cz\/cs\/wp-content\/uploads\/2023\/11\/MZP_CZ-768x114.png 768w, https:\/\/startcil.cz\/cs\/wp-content\/uploads\/2023\/11\/MZP_CZ.png 1181w\" sizes=\"(max-width: 300px) 100vw, 300px\" \/>\u00a0 \u00a0 \u00a0 <img loading=\"lazy\" class=\"alignnone size-medium wp-image-7243\" src=\"http:\/\/startcil.cz\/cs\/wp-content\/uploads\/2023\/11\/SFZP_H_CMYK-300x107.jpg\" alt=\"\" width=\"300\" height=\"107\" srcset=\"https:\/\/startcil.cz\/cs\/wp-content\/uploads\/2023\/11\/SFZP_H_CMYK-300x107.jpg 300w, https:\/\/startcil.cz\/cs\/wp-content\/uploads\/2023\/11\/SFZP_H_CMYK-1024x365.jpg 1024w, https:\/\/startcil.cz\/cs\/wp-content\/uploads\/2023\/11\/SFZP_H_CMYK-768x274.jpg 768w, https:\/\/startcil.cz\/cs\/wp-content\/uploads\/2023\/11\/SFZP_H_CMYK.jpg 1037w\" sizes=\"(max-width: 300px) 100vw, 300px\" \/>\u00a0 \u00a0 \u00a0 <img loading=\"lazy\" class=\"alignnone wp-image-7242\" src=\"http:\/\/startcil.cz\/cs\/wp-content\/uploads\/2023\/11\/Sazime_budoucnost_RGB_01_primary-300x102.png\" alt=\"\" width=\"259\" height=\"88\" srcset=\"https:\/\/startcil.cz\/cs\/wp-content\/uploads\/2023\/11\/Sazime_budoucnost_RGB_01_primary-300x102.png 300w, https:\/\/startcil.cz\/cs\/wp-content\/uploads\/2023\/11\/Sazime_budoucnost_RGB_01_primary-1024x350.png 1024w, https:\/\/startcil.cz\/cs\/wp-content\/uploads\/2023\/11\/Sazime_budoucnost_RGB_01_primary-768x262.png 768w, https:\/\/startcil.cz\/cs\/wp-content\/uploads\/2023\/11\/Sazime_budoucnost_RGB_01_primary.png 1488w\" sizes=\"(max-width: 259px) 100vw, 259px\" \/><\/p>\n<p><em>\u201eTento projekt byl vytvo\u0159en d\u00edky grantov\u00e9mu programu Nadace Partnerstv\u00ed a je spolufinancov\u00e1n St\u00e1tn\u00edm fondem \u017eivotn\u00edho prost\u0159ed\u00ed \u010cR, individu\u00e1ln\u00edmi d\u00e1rci ve\u0159ejn\u00e9 sb\u00edrky a partnery iniciativy S\u00e1z\u00edme budoucnost.&#8220;<\/em><\/p>\n<p>&nbsp;<\/p>\n<p><img loading=\"lazy\" class=\"size-medium wp-image-7821 alignleft\" src=\"http:\/\/startcil.cz\/cs\/wp-content\/uploads\/2025\/01\/logo-mas-300x91.jpg\" alt=\"\" width=\"300\" height=\"91\" srcset=\"https:\/\/startcil.cz\/cs\/wp-content\/uploads\/2025\/01\/logo-mas-300x91.jpg 300w, https:\/\/startcil.cz\/cs\/wp-content\/uploads\/2025\/01\/logo-mas.jpg 740w\" sizes=\"(max-width: 300px) 100vw, 300px\" \/><img loading=\"lazy\" class=\"size-medium wp-image-7823 alignnone\" src=\"http:\/\/startcil.cz\/cs\/wp-content\/uploads\/2025\/01\/Nadace-CEZ-logo-300x177.png\" alt=\"\" width=\"300\" height=\"177\" srcset=\"https:\/\/startcil.cz\/cs\/wp-content\/uploads\/2025\/01\/Nadace-CEZ-logo-300x177.png 300w, https:\/\/startcil.cz\/cs\/wp-content\/uploads\/2025\/01\/Nadace-CEZ-logo-1024x604.png 1024w, https:\/\/startcil.cz\/cs\/wp-content\/uploads\/2025\/01\/Nadace-CEZ-logo-768x453.png 768w, https:\/\/startcil.cz\/cs\/wp-content\/uploads\/2025\/01\/Nadace-CEZ-logo.png 1505w\" sizes=\"(max-width: 300px) 100vw, 300px\" \/><img loading=\"lazy\" class=\"size-medium wp-image-7822 alignleft\" src=\"http:\/\/startcil.cz\/cs\/wp-content\/uploads\/2025\/01\/veolia-300x97.png\" alt=\"\" width=\"300\" height=\"97\" srcset=\"https:\/\/startcil.cz\/cs\/wp-content\/uploads\/2025\/01\/veolia-300x97.png 300w, https:\/\/startcil.cz\/cs\/wp-content\/uploads\/2025\/01\/veolia-1024x331.png 1024w, https:\/\/startcil.cz\/cs\/wp-content\/uploads\/2025\/01\/veolia-768x248.png 768w, https:\/\/startcil.cz\/cs\/wp-content\/uploads\/2025\/01\/veolia-1536x496.png 1536w, https:\/\/startcil.cz\/cs\/wp-content\/uploads\/2025\/01\/veolia.png 2000w\" sizes=\"(max-width: 300px) 100vw, 300px\" \/>[\/vc_column_text][\/vc_column][\/vc_row][vc_row type=&#8220;in_container&#8220; full_screen_row_position=&#8220;middle&#8220; scene_position=&#8220;center&#8220; text_color=&#8220;dark&#8220; text_align=&#8220;left&#8220; overlay_strength=&#8220;0.3&#8243; shape_divider_position=&#8220;bottom&#8220; bg_image_animation=&#8220;none&#8220;][vc_column column_padding=&#8220;no-extra-padding&#8220; column_padding_position=&#8220;all&#8220; background_color_opacity=&#8220;1&#8243; background_hover_color_opacity=&#8220;1&#8243; column_link_target=&#8220;_self&#8220; column_shadow=&#8220;none&#8220; column_border_radius=&#8220;none&#8220; width=&#8220;1\/1&#8243; tablet_width_inherit=&#8220;default&#8220; tablet_text_alignment=&#8220;default&#8220; phone_text_alignment=&#8220;default&#8220; column_border_width=&#8220;none&#8220; column_border_style=&#8220;solid&#8220; bg_image_animation=&#8220;none&#8220;][nectar_animated_title heading_tag=&#8220;h2&#8243; style=&#8220;color-strip-reveal&#8220; color=&#8220;Extra-Color-3&#8243; text=&#8220;Partne\u0159i:&#8220;][\/vc_column][\/vc_row][vc_row type=&#8220;in_container&#8220; full_screen_row_position=&#8220;middle&#8220; scene_position=&#8220;center&#8220; text_color=&#8220;dark&#8220; text_align=&#8220;left&#8220; overlay_strength=&#8220;0.3&#8243; shape_divider_position=&#8220;bottom&#8220; bg_image_animation=&#8220;none&#8220;][vc_column column_padding=&#8220;no-extra-padding&#8220; column_padding_position=&#8220;all&#8220; background_color_opacity=&#8220;1&#8243; background_hover_color_opacity=&#8220;1&#8243; column_link_target=&#8220;_self&#8220; column_shadow=&#8220;none&#8220; column_border_radius=&#8220;none&#8220; width=&#8220;1\/1&#8243; tablet_width_inherit=&#8220;default&#8220; tablet_text_alignment=&#8220;default&#8220; phone_text_alignment=&#8220;default&#8220; column_border_width=&#8220;none&#8220; column_border_style=&#8220;solid&#8220; bg_image_animation=&#8220;none&#8220;][vc_column_text]<img loading=\"lazy\" class=\"alignnone wp-image-7825\" src=\"http:\/\/startcil.cz\/cs\/wp-content\/uploads\/2025\/01\/CoA_of_Terlicko.svg_-240x300.png\" alt=\"\" width=\"158\" height=\"198\" srcset=\"https:\/\/startcil.cz\/cs\/wp-content\/uploads\/2025\/01\/CoA_of_Terlicko.svg_-240x300.png 240w, https:\/\/startcil.cz\/cs\/wp-content\/uploads\/2025\/01\/CoA_of_Terlicko.svg_.png 614w\" sizes=\"(max-width: 158px) 100vw, 158px\" \/>\u00a0 \u00a0 \u00a0 \u00a0 <img loading=\"lazy\" class=\"alignnone wp-image-7820\" src=\"http:\/\/startcil.cz\/cs\/wp-content\/uploads\/2025\/01\/T_S_logo_2019_rgb-300x132.png\" alt=\"\" width=\"286\" height=\"126\" srcset=\"https:\/\/startcil.cz\/cs\/wp-content\/uploads\/2025\/01\/T_S_logo_2019_rgb-300x132.png 300w, https:\/\/startcil.cz\/cs\/wp-content\/uploads\/2025\/01\/T_S_logo_2019_rgb-1024x449.png 1024w, https:\/\/startcil.cz\/cs\/wp-content\/uploads\/2025\/01\/T_S_logo_2019_rgb-768x337.png 768w, https:\/\/startcil.cz\/cs\/wp-content\/uploads\/2025\/01\/T_S_logo_2019_rgb-1536x674.png 1536w, https:\/\/startcil.cz\/cs\/wp-content\/uploads\/2025\/01\/T_S_logo_2019_rgb.png 1890w\" sizes=\"(max-width: 286px) 100vw, 286px\" \/><\/p>\n<h5 style=\"text-align: left;\">\u00a0 \u00a0 \u00a0 \u00a0 obec T\u011brlicko<\/h5>\n[\/vc_column_text][\/vc_column][\/vc_row]\n","protected":false},"excerpt":{"rendered":"<p>[vc_row type=&#8220;in_container&#8220; full_screen_row_position=&#8220;middle&#8220; scene_position=&#8220;center&#8220; text_color=&#8220;dark&#8220; text_align=&#8220;left&#8220; overlay_strength=&#8220;0.3&#8243; shape_divider_position=&#8220;bottom&#8220; bg_image_animation=&#8220;none&#8220;][vc_column column_padding=&#8220;no-extra-padding&#8220; column_padding_position=&#8220;all&#8220; background_color_opacity=&#8220;1&#8243; background_hover_color_opacity=&#8220;1&#8243; column_link_target=&#8220;_self&#8220; column_shadow=&#8220;none&#8220;&#8230;<\/p>\n","protected":false},"author":2,"featured_media":0,"parent":0,"menu_order":0,"comment_status":"closed","ping_status":"closed","template":"","meta":[],"_links":{"self":[{"href":"https:\/\/startcil.cz\/cs\/wp-json\/wp\/v2\/pages\/6988"}],"collection":[{"href":"https:\/\/startcil.cz\/cs\/wp-json\/wp\/v2\/pages"}],"about":[{"href":"https:\/\/startcil.cz\/cs\/wp-json\/wp\/v2\/types\/page"}],"author":[{"embeddable":true,"href":"https:\/\/startcil.cz\/cs\/wp-json\/wp\/v2\/users\/2"}],"replies":[{"embeddable":true,"href":"https:\/\/startcil.cz\/cs\/wp-json\/wp\/v2\/comments?post=6988"}],"version-history":[{"count":156,"href":"https:\/\/startcil.cz\/cs\/wp-json\/wp\/v2\/pages\/6988\/revisions"}],"predecessor-version":[{"id":7899,"href":"https:\/\/startcil.cz\/cs\/wp-json\/wp\/v2\/pages\/6988\/revisions\/7899"}],"wp:attachment":[{"href":"https:\/\/startcil.cz\/cs\/wp-json\/wp\/v2\/media?parent=6988"}],"curies":[{"name":"wp","href":"https:\/\/api.w.org\/{rel}","templated":true}]}}